{"id":10,"date":"2021-05-06T15:00:26","date_gmt":"2021-05-06T15:00:26","guid":{"rendered":"http:\/\/www.congresonacionalcolor.com\/2022\/?page_id=10"},"modified":"2022-03-04T08:50:08","modified_gmt":"2022-03-04T08:50:08","slug":"el-congreso","status":"publish","type":"page","link":"https:\/\/www.congresonacionalcolor.com\/2022\/el-congreso\/","title":{"rendered":"Bienvenidos"},"content":{"rendered":"<p>[vc_row row_type=\u00bbrow\u00bb use_row_as_full_screen_section=\u00bbno\u00bb type=\u00bbfull_width\u00bb text_align=\u00bbleft\u00bb background_animation=\u00bbnone\u00bb css_animation=\u00bb\u00bb][vc_column parallax=\u00bbcontent-moving\u00bb parallax_image=\u00bb71&#8243; css=\u00bb.vc_custom_1620644806908{padding-top: 60px !important;padding-bottom: 60px !important;}\u00bb][vc_row_inner row_type=\u00bbrow\u00bb type=\u00bbgrid\u00bb use_row_as_full_screen_section_slide=\u00bbno\u00bb text_align=\u00bbleft\u00bb css_animation=\u00bb\u00bb][vc_column_inner][vc_column_text]<\/p>\n<h2 style=\"text-align: center;\"><span style=\"color: #ffffff;\">El congreso<\/span><\/h2>\n<p>[\/vc_column_text][vc_empty_space height=\u00bb5px\u00bb][vc_column_text el_class=\u00bbsubtitulo\u00bb]<\/p>\n<h4 class=\"subtitulo\">Un foro de discusi\u00f3n multidisciplinar<\/h4>\n<p>[\/vc_column_text][\/vc_column_inner][\/vc_row_inner][\/vc_column][\/vc_row][vc_row row_type=\u00bbrow\u00bb use_row_as_full_screen_section=\u00bbno\u00bb type=\u00bbgrid\u00bb text_align=\u00bbleft\u00bb background_animation=\u00bbnone\u00bb css_animation=\u00bb\u00bb css=\u00bb.vc_custom_1620648655428{margin-top: 60px !important;}\u00bb][vc_column width=\u00bb1\/4&#8243;][vc_single_image image=\u00bb627&#8243; img_size=\u00bbfull\u00bb style=\u00bbvc_box_circle_2&#8243; qode_css_animation=\u00bb\u00bb][vc_empty_space height=\u00bb20&#8243;][\/vc_column][vc_column width=\u00bb3\/4&#8243; css=\u00bb.vc_custom_1620648601701{padding-right: 60px !important;padding-left: 30px !important;}\u00bb][vc_empty_space height=\u00bb20&#8243;][vc_column_text]<\/p>\n<h4>M\u00e1s de 20 a\u00f1os despu\u00e9s de celebrar el V Congreso Nacional del Color en Terrassa (1999), nuestra ciudad vuelve a ser la sede de este congreso en 2022.<\/h4>\n<p>[\/vc_column_text][vc_column_text]<\/p>\n<p class=\"intro\">Dicho congreso es un evento \u00fanico organizado por el <a href=\"http:\/\/www.sedoptica.es\/comites_SEDO\/color\/\" target=\"_blank\" rel=\"noopener\">Comit\u00e9 del Color de la Sociedad Espa\u00f1ola de \u00d3ptica (SEDOPTICA)<\/a> que re\u00fane a acad\u00e9micos y profesionales de una amplia gama de campos involucrados en el estudio del color y que se celebra cada 3 a\u00f1os desde su creaci\u00f3n en 1989.<\/p>\n<p>[\/vc_column_text][\/vc_column][\/vc_row][vc_row row_type=\u00bbrow\u00bb use_row_as_full_screen_section=\u00bbno\u00bb type=\u00bbgrid\u00bb text_align=\u00bbleft\u00bb background_animation=\u00bbnone\u00bb css_animation=\u00bb\u00bb][vc_column width=\u00bb5\/6&#8243;][\/vc_column][vc_column width=\u00bb1\/6&#8243;][\/vc_column][\/vc_row][vc_row row_type=\u00bbrow\u00bb use_row_as_full_screen_section=\u00bbno\u00bb type=\u00bbgrid\u00bb text_align=\u00bbleft\u00bb background_animation=\u00bbnone\u00bb css_animation=\u00bb\u00bb css=\u00bb.vc_custom_1620647895843{margin-top: 30px !important;}\u00bb][vc_column width=\u00bb1\/2&#8243; css=\u00bb.vc_custom_1620648871841{padding-right: 20px !important;padding-left: 20px !important;}\u00bb][vc_column_text]El XIII Congreso Nacional del Color tiene como objetivo ser un <strong>foro de discusi\u00f3n multidisciplinar sobre temas relacionados con la ciencia y tecnolog\u00eda del color<\/strong>, cuyo papel es muy relevante en los \u00e1mbitos de la investigaci\u00f3n cient\u00edfica, la ense\u00f1anza y las aplicaciones industriales. Por lo tanto, el perfil de los participantes es muy variado: \u00f3pticos-optometristas, f\u00edsicos, oftalm\u00f3logos, ingenieros, qu\u00edmicos, arquitectos, pintores, etc. De hecho, el n\u00famero de grupos, proyectos de investigaci\u00f3n y empresas que involucran y desarrollan su producto en torno al color es muy importante a d\u00eda de hoy, haciendo de esta disciplina una <strong>herramienta fundamental en el avance tecnol\u00f3gico y desarrollo<\/strong> de nuestra sociedad.[\/vc_column_text][\/vc_column][vc_column width=\u00bb1\/2&#8243; css=\u00bb.vc_custom_1620648879132{padding-right: 20px !important;padding-left: 20px !important;}\u00bb][vc_column_text]Siendo un congreso multidisciplinar, con caracter\u00edsticas y connotaciones propias de las <strong>diferentes \u00e1reas de conocimiento<\/strong> que se integran en el Comit\u00e9 del Color de la Sociedad Espa\u00f1ola de \u00d3ptica, en el Congreso se cubren, entre otras,\u00a0las siguientes \u00e1reas: ciencia y tecnolog\u00eda del color e imagen multiespectral, percepci\u00f3n del color, color en arte y arquitectura, en alimentos, en iluminaci\u00f3n y en la industria en general, color y educaci\u00f3n.[\/vc_column_text][\/vc_column][\/vc_row][vc_row row_type=\u00bbrow\u00bb use_row_as_full_screen_section=\u00bbno\u00bb type=\u00bbfull_width\u00bb text_align=\u00bbleft\u00bb background_animation=\u00bbnone\u00bb css_animation=\u00bb\u00bb css=\u00bb.vc_custom_1620648848408{margin-top: 50px !important;margin-right: 30px !important;margin-bottom: 30px !important;margin-left: 30px !important;}\u00bb][vc_column width=\u00bb1\/3&#8243;][vc_single_image image=\u00bb632&#8243; img_size=\u00bb800&#215;450&#8243; alignment=\u00bbcenter\u00bb qode_css_animation=\u00bb\u00bb][vc_empty_space height=\u00bb20&#8243;][\/vc_column][vc_column width=\u00bb1\/3&#8243;][vc_single_image image=\u00bb630&#8243; img_size=\u00bb800&#215;450&#8243; alignment=\u00bbcenter\u00bb qode_css_animation=\u00bb\u00bb][vc_empty_space height=\u00bb20&#8243;][\/vc_column][vc_column width=\u00bb1\/3&#8243;][vc_single_image image=\u00bb631&#8243; img_size=\u00bb800&#215;450&#8243; alignment=\u00bbcenter\u00bb qode_css_animation=\u00bb\u00bb][\/vc_column][\/vc_row][vc_row row_type=\u00bbrow\u00bb use_row_as_full_screen_section=\u00bbno\u00bb type=\u00bbgrid\u00bb text_align=\u00bbleft\u00bb background_animation=\u00bbnone\u00bb css_animation=\u00bb\u00bb css=\u00bb.vc_custom_1620651495273{margin-top: 0px !important;margin-bottom: 60px !important;}\u00bb][vc_column width=\u00bb1\/2&#8243; css=\u00bb.vc_custom_1620648906792{padding-right: 20px !important;padding-left: 20px !important;}\u00bb][vc_column_text]El XIII Congreso Nacional del Color se celebrar\u00e1 en <a href=\"https:\/\/visitaterrassa.cat\/es\/\" target=\"_blank\" rel=\"noopener\">Terrassa<\/a>. Terrassa, a menos de 30 km de Barcelona, es una ciudad <strong>moderna e industrial<\/strong> con m\u00e1s de 216000 habitantes, que posee un<strong> rico patrimonio cultural y art\u00edstico<\/strong> en medio de un paisaje dominado por el Parque Natural de San Lorenzo. La Seu d&#8217;Egara, situada junto al parque de Vallparad\u00eds donde se han hecho importantes hallazgos paleontol\u00f3gicos, la Torre del Palau y el Castillo-Cartuja configuran su patrimonio medieval. Un salto en el tiempo nos lleva a la \u00e9poca del Modernismo y la industrializaci\u00f3n: Vapor Aymerich, Amat i Jover (actual mNACTEC), Mas\u00eda Freixa, Casa Alegre de Sagrera&#8230;[\/vc_column_text][\/vc_column][vc_column width=\u00bb1\/2&#8243; css=\u00bb.vc_custom_1620648913272{padding-right: 20px !important;padding-left: 20px !important;}\u00bb][vc_column_text]El Festival de Jazz, la Feria Modernista, los productos tradicionales y ecol\u00f3gicos de Terrassa Gastron\u00f3mica, el hockey, las temporadas de danza, m\u00fasica y teatro, las exhibiciones castelleras o el golf completan una <strong>amplia oferta<\/strong> para disfrutar de una ciudad din\u00e1mica y de servicios.[\/vc_column_text][\/vc_column][\/vc_row][vc_row row_type=\u00bbrow\u00bb use_row_as_full_screen_section=\u00bbno\u00bb type=\u00bbgrid\u00bb text_align=\u00bbleft\u00bb background_animation=\u00bbnone\u00bb css_animation=\u00bb\u00bb css=\u00bb.vc_custom_1620651200626{margin-top: 0px !important;margin-bottom: 60px !important;}\u00bb][vc_column css=\u00bb.vc_custom_1646383804840{padding-top: 40px !important;padding-right: 20px !important;padding-bottom: 40px !important;padding-left: 20px !important;background-color: #910084 !important;}\u00bb][vc_row_inner row_type=\u00bbrow\u00bb type=\u00bbfull_width\u00bb use_row_as_full_screen_section_slide=\u00bbno\u00bb text_align=\u00bbleft\u00bb css_animation=\u00bb\u00bb][vc_column_inner css=\u00bb.vc_custom_1620651244667{padding-right: 33px !important;padding-left: 30px !important;}\u00bb][vc_column_text]<\/p>\n<h4 style=\"text-align: center;\"><span style=\"color: #ffffff;\">Debido a la situaci\u00f3n de incertidumbre a\u00fan existente en referencia a la pandemia del COVID-19, <strong>el congreso se realizar\u00e1 finalmente ON-LINE<\/strong>.<\/span><\/h4>\n<p>[\/vc_column_text][\/vc_column_inner][\/vc_row_inner][\/vc_column][\/vc_row]<\/p>\n","protected":false},"excerpt":{"rendered":"<p>[vc_row row_type=\u00bbrow\u00bb use_row_as_full_screen_section=\u00bbno\u00bb type=\u00bbfull_width\u00bb text_align=\u00bbleft\u00bb background_animation=\u00bbnone\u00bb css_animation=\u00bb\u00bb][vc_column parallax=\u00bbcontent-moving\u00bb parallax_image=\u00bb71&#8243; css=\u00bb.vc_custom_1620644806908{padding-top: 60px !important;padding-bottom: 60px !important;}\u00bb][vc_row_inner row_type=\u00bbrow\u00bb type=\u00bbgrid\u00bb use_row_as_full_screen_section_slide=\u00bbno\u00bb text_align=\u00bbleft\u00bb css_animation=\u00bb\u00bb][vc_column_inner][vc_column_text] El congreso [\/vc_column_text][vc_empty_space height=\u00bb5px\u00bb][vc_column_text el_class=\u00bbsubtitulo\u00bb] Un foro de discusi\u00f3n multidisciplinar [\/vc_column_text][\/vc_column_inner][\/vc_row_inner][\/vc_column][\/vc_row][vc_row row_type=\u00bbrow\u00bb use_row_as_full_screen_section=\u00bbno\u00bb type=\u00bbgrid\u00bb text_align=\u00bbleft\u00bb background_animation=\u00bbnone\u00bb css_animation=\u00bb\u00bb css=\u00bb.vc_custom_1620648655428{margin-top: 60px !important;}\u00bb][vc_column width=\u00bb1\/4&#8243;][vc_single_image image=\u00bb627&#8243; img_size=\u00bbfull\u00bb style=\u00bbvc_box_circle_2&#8243; qode_css_animation=\u00bb\u00bb][vc_empty_space height=\u00bb20&#8243;][\/vc_column][vc_column&#8230;<\/p>\n","protected":false},"author":1,"featured_media":0,"parent":0,"menu_order":0,"comment_status":"closed","ping_status":"closed","template":"full_width.php","meta":{"footnotes":""},"class_list":["post-10","page","type-page","status-publish","hentry"],"_links":{"self":[{"href":"https:\/\/www.congresonacionalcolor.com\/2022\/wp-json\/wp\/v2\/pages\/10","targetHints":{"allow":["GET"]}}],"collection":[{"href":"https:\/\/www.congresonacionalcolor.com\/2022\/wp-json\/wp\/v2\/pages"}],"about":[{"href":"https:\/\/www.congresonacionalcolor.com\/2022\/wp-json\/wp\/v2\/types\/page"}],"author":[{"embeddable":true,"href":"https:\/\/www.congresonacionalcolor.com\/2022\/wp-json\/wp\/v2\/users\/1"}],"replies":[{"embeddable":true,"href":"https:\/\/www.congresonacionalcolor.com\/2022\/wp-json\/wp\/v2\/comments?post=10"}],"version-history":[{"count":22,"href":"https:\/\/www.congresonacionalcolor.com\/2022\/wp-json\/wp\/v2\/pages\/10\/revisions"}],"predecessor-version":[{"id":734,"href":"https:\/\/www.congresonacionalcolor.com\/2022\/wp-json\/wp\/v2\/pages\/10\/revisions\/734"}],"wp:attachment":[{"href":"https:\/\/www.congresonacionalcolor.com\/2022\/wp-json\/wp\/v2\/media?parent=10"}],"curies":[{"name":"wp","href":"https:\/\/api.w.org\/{rel}","templated":true}]}}